{"id":4671,"date":"2023-03-10T09:33:22","date_gmt":"2023-03-10T08:33:22","guid":{"rendered":"https:\/\/mallorca-activities.com\/?page_id=4671"},"modified":"2025-09-29T12:10:24","modified_gmt":"2025-09-29T10:10:24","slug":"sustainability","status":"publish","type":"page","link":"https:\/\/mallorca-activities.com\/en\/sustainability\/","title":{"rendered":"Sustainability"},"content":{"rendered":"[vc_row type=&#8221;full_width_background&#8221; full_screen_row_position=&#8221;middle&#8221; column_margin=&#8221;default&#8221; column_direction=&#8221;default&#8221; column_direction_tablet=&#8221;default&#8221; column_direction_phone=&#8221;default&#8221; scene_position=&#8221;center&#8221; text_color=&#8221;dark&#8221; text_align=&#8221;left&#8221; row_border_radius=&#8221;none&#8221; row_border_radius_applies=&#8221;bg&#8221; overflow=&#8221;visible&#8221; overlay_strength=&#8221;0.3&#8243; gradient_direction=&#8221;left_to_right&#8221; shape_divider_position=&#8221;bottom&#8221; bg_image_animation=&#8221;none&#8221; shape_type=&#8221;&#8221;][vc_column column_padding=&#8221;no-extra-padding&#8221; column_padding_tablet=&#8221;inherit&#8221; column_padding_phone=&#8221;inherit&#8221; column_padding_position=&#8221;all&#8221; column_element_direction_desktop=&#8221;default&#8221; column_element_spacing=&#8221;default&#8221; desktop_text_alignment=&#8221;default&#8221; tablet_text_alignment=&#8221;default&#8221; phone_text_alignment=&#8221;default&#8221; background_color_opacity=&#8221;1&#8243; background_hover_color_opacity=&#8221;1&#8243; column_backdrop_filter=&#8221;none&#8221; column_shadow=&#8221;none&#8221; column_border_radius=&#8221;none&#8221; column_link_target=&#8221;_self&#8221; column_position=&#8221;default&#8221; gradient_direction=&#8221;left_to_right&#8221; overlay_strength=&#8221;0.3&#8243; width=&#8221;1\/1&#8243; tablet_width_inherit=&#8221;default&#8221; animation_type=&#8221;default&#8221; bg_image_animation=&#8221;none&#8221; border_type=&#8221;simple&#8221; column_border_width=&#8221;none&#8221; column_border_style=&#8221;solid&#8221;][page_submenu alignment=&#8221;center&#8221; sticky=&#8221;true&#8221; bg_color=&#8221;#b2b2b2&#8243; link_color=&#8221;#ffffff&#8221;][page_link link_url=&#8221;https:\/\/mallorca-activities.com\/en\/sustainability\/#philo&#8221; title=&#8221;PHILOSOPHIE&#8221; id=&#8221;1758039379852-5&#8243; tab_id=&#8221;1758039379852-1&#8243;][vc_column_text][\/vc_column_text][\/page_link][page_link link_url=&#8221;https:\/\/mallorca-activities.com\/en\/sustainability\/#travelife&#8221; title=&#8221;TRAVELIFE&#8221; id=&#8221;1758039379859-1&#8243; tab_id=&#8221;1758039379859-1&#8243;][vc_column_text][\/vc_column_text][\/page_link][page_link title=&#8221;CLEANWAVE&#8221; id=&#8221;1758039379861-6&#8243; tab_id=&#8221;1758039379861-5&#8243; link_url=&#8221;https:\/\/mallorca-activities.com\/en\/sustainability\/#cleanwave&#8221;][\/page_link][\/page_submenu][\/vc_column][\/vc_row][vc_row type=&#8221;full_width_background&#8221; full_screen_row_position=&#8221;middle&#8221; column_margin=&#8221;default&#8221; column_direction=&#8221;default&#8221; column_direction_tablet=&#8221;default&#8221; column_direction_phone=&#8221;default&#8221; scene_position=&#8221;center&#8221; top_padding=&#8221;5%&#8221; bottom_padding=&#8221;5%&#8221; text_color=&#8221;dark&#8221; text_align=&#8221;left&#8221; row_border_radius=&#8221;none&#8221; row_border_radius_applies=&#8221;bg&#8221; overflow=&#8221;visible&#8221; id=&#8221;philo&#8221; overlay_strength=&#8221;0.3&#8243; gradient_direction=&#8221;left_to_right&#8221; shape_divider_position=&#8221;bottom&#8221; bg_image_animation=&#8221;none&#8221; shape_type=&#8221;&#8221;][vc_column column_padding=&#8221;no-extra-padding&#8221; column_padding_tablet=&#8221;inherit&#8221; column_padding_phone=&#8221;inherit&#8221; column_padding_position=&#8221;all&#8221; column_element_direction_desktop=&#8221;default&#8221; column_element_spacing=&#8221;default&#8221; desktop_text_alignment=&#8221;default&#8221; tablet_text_alignment=&#8221;default&#8221; phone_text_alignment=&#8221;default&#8221; background_color_opacity=&#8221;1&#8243; background_hover_color_opacity=&#8221;1&#8243; column_backdrop_filter=&#8221;none&#8221; column_shadow=&#8221;none&#8221; column_border_radius=&#8221;none&#8221; column_link_target=&#8221;_self&#8221; column_position=&#8221;default&#8221; gradient_direction=&#8221;left_to_right&#8221; overlay_strength=&#8221;0.3&#8243; width=&#8221;1\/1&#8243; tablet_width_inherit=&#8221;default&#8221; animation_type=&#8221;default&#8221; bg_image_animation=&#8221;none&#8221; border_type=&#8221;simple&#8221; column_border_width=&#8221;none&#8221; column_border_style=&#8221;solid&#8221;][vc_column_text]\n<p style=\"text-align: center;\"><strong>Don\u2019t leave more than your footprint!<\/strong><\/p>\n<p>At <strong>Mallorca Activities,<\/strong> we are aware of the need to promote and carry out responsible tourism, and for this reason we want to be a benchmark in Mallorca in sustainable active tourism based on the conservation of the natural space, support for the local economy and the elimination of barriers in tourist spaces.<\/p>\n<p><strong>Mallorca Activities<\/strong> we are a company dedicated to active tourism, mainly hiking, climbing, canyoning, caving and incentives on the island of Mallorca.<\/p>\n<p>Our main asset is the environment and for this reason we are aware of the need to promote, among our clients and value chain, and also to carry out responsible tourism that minimizes our environmental impacts and adds value to the local community.<\/p>\n<p>Every journey leaves traces. We are continuously working on reducing them, by optimizing C02 and removing plastic and paper from all our routes.<\/p>\n<p>Now we&#8217;ve gone a step further offsetting our carbon footprint. You will find more information about this project <a href=\"http:\/\/www.bosquessostenibles.com\/projects-archive\/mallorca-activities\/\">here.<\/a>[\/vc_column_text][\/vc_column][\/vc_row][vc_row type=&#8221;full_width_background&#8221; full_screen_row_position=&#8221;middle&#8221; column_margin=&#8221;default&#8221; column_direction=&#8221;default&#8221; column_direction_tablet=&#8221;default&#8221; column_direction_phone=&#8221;default&#8221; scene_position=&#8221;center&#8221; text_color=&#8221;dark&#8221; text_align=&#8221;left&#8221; row_border_radius=&#8221;none&#8221; row_border_radius_applies=&#8221;bg&#8221; overflow=&#8221;visible&#8221; id=&#8221;travelife&#8221; overlay_strength=&#8221;0.3&#8243; gradient_direction=&#8221;left_to_right&#8221; shape_divider_position=&#8221;bottom&#8221; bg_image_animation=&#8221;none&#8221; shape_type=&#8221;&#8221;][vc_column column_padding=&#8221;no-extra-padding&#8221; column_padding_tablet=&#8221;inherit&#8221; column_padding_phone=&#8221;inherit&#8221; column_padding_position=&#8221;all&#8221; column_element_direction_desktop=&#8221;default&#8221; column_element_spacing=&#8221;default&#8221; desktop_text_alignment=&#8221;default&#8221; tablet_text_alignment=&#8221;default&#8221; phone_text_alignment=&#8221;default&#8221; background_color_opacity=&#8221;1&#8243; background_hover_color_opacity=&#8221;1&#8243; column_backdrop_filter=&#8221;none&#8221; column_shadow=&#8221;none&#8221; column_border_radius=&#8221;none&#8221; column_link_target=&#8221;_self&#8221; column_position=&#8221;default&#8221; gradient_direction=&#8221;left_to_right&#8221; overlay_strength=&#8221;0.3&#8243; width=&#8221;1\/2&#8243; tablet_width_inherit=&#8221;default&#8221; animation_type=&#8221;default&#8221; bg_image_animation=&#8221;none&#8221; border_type=&#8221;simple&#8221; column_border_width=&#8221;none&#8221; column_border_style=&#8221;solid&#8221;][image_with_animation image_url=&#8221;4783&#8243; image_size=&#8221;full&#8221; animation_type=&#8221;entrance&#8221; animation=&#8221;Fade In&#8221; animation_easing=&#8221;default&#8221; animation_movement_type=&#8221;transform_y&#8221; hover_animation=&#8221;none&#8221; alignment=&#8221;&#8221; border_radius=&#8221;none&#8221; box_shadow=&#8221;none&#8221; image_loading=&#8221;default&#8221; max_width=&#8221;100%&#8221; max_width_mobile=&#8221;default&#8221;][vc_column_text]<strong><img decoding=\"async\" loading=\"lazy\" class=\"size-full wp-image-4673 alignright\" src=\"https:\/\/mallorca-activities.com\/wp-content\/uploads\/2023\/03\/1.jpg\" alt=\"\" width=\"621\" height=\"368\" srcset=\"https:\/\/mallorca-activities.com\/wp-content\/uploads\/2023\/03\/1.jpg 621w, https:\/\/mallorca-activities.com\/wp-content\/uploads\/2023\/03\/1-300x178.jpg 300w\" sizes=\"(max-width: 621px) 100vw, 621px\" \/><\/strong><\/p>\n<p>&nbsp;<\/p>\n<p><strong>Functions of all employees and subcontractors &#8220;mountain guides&#8221;<\/strong><\/p>\n<ul>\n<li>They meet the requirements of the company&#8217;s sustainability policy and that are applicable to it.<\/li>\n<li>They collaborate in the continuous improvement of the sustainability system by providing suggestions and constructive criticism.<\/li>\n<\/ul>\n<p>&nbsp;<\/p>\n<p><strong>These policies are reviewed by management every 2 years.<\/strong><\/p>\n<p><strong>September, 2025<\/strong><\/p>\n<p><strong>Hendrik Uhlemann<\/strong><\/p>\n<p><strong>CEO of Mallorca Activities<\/strong>[\/vc_column_text][\/vc_column][vc_column column_padding=&#8221;no-extra-padding&#8221; column_padding_tablet=&#8221;inherit&#8221; column_padding_phone=&#8221;inherit&#8221; column_padding_position=&#8221;all&#8221; column_element_direction_desktop=&#8221;default&#8221; column_element_spacing=&#8221;default&#8221; desktop_text_alignment=&#8221;default&#8221; tablet_text_alignment=&#8221;default&#8221; phone_text_alignment=&#8221;default&#8221; background_color_opacity=&#8221;1&#8243; background_hover_color_opacity=&#8221;1&#8243; column_backdrop_filter=&#8221;none&#8221; column_shadow=&#8221;none&#8221; column_border_radius=&#8221;none&#8221; column_link_target=&#8221;_self&#8221; column_position=&#8221;default&#8221; gradient_direction=&#8221;left_to_right&#8221; overlay_strength=&#8221;0.3&#8243; width=&#8221;1\/2&#8243; tablet_width_inherit=&#8221;default&#8221; animation_type=&#8221;default&#8221; bg_image_animation=&#8221;none&#8221; border_type=&#8221;simple&#8221; column_border_width=&#8221;none&#8221; column_border_style=&#8221;solid&#8221;][vc_column_text]\n<p id=\"tw-target-text\" class=\"tw-data-text tw-text-large tw-ta\" dir=\"ltr\" data-placeholder=\"Traducci\u00f3n\" aria-label=\"Texto traducido\" data-ved=\"2ahUKEwjblKuZmaeIAxX62QIHHRvNEnkQ3ewLegQIBxAT\"><strong><span class=\"Y2IQFc\" lang=\"en\">For all of us, our commitments are:<\/span><\/strong><\/p>\n<p><strong>\u00a0<\/strong><\/p>\n<ul>\n<li>\n<p id=\"tw-target-text\" class=\"tw-data-text tw-text-large tw-ta\" dir=\"ltr\" data-placeholder=\"Traducci\u00f3n\"><span class=\"Y2IQFc\" lang=\"en\">In removing barriers in tourist spaces and expanding the offer of active tourism in a business model in which safety, inclusion, accessibility and sustainability prevail. We are working on creating excursion programs that take these factors into account. To preserve the natural space and promote respect for wild animals and their natural habitat and leave a minimal footprint.<\/span><\/p>\n<\/li>\n<li>\n<p id=\"tw-target-text\" class=\"tw-data-text tw-text-large tw-ta\" dir=\"ltr\" data-placeholder=\"Traducci\u00f3n\"><span class=\"Y2IQFc\" lang=\"en\">To preserve the natural space, promote respect for wildlife and their natural habitat, always leaving a minimal footprint. For this reason we have developed the responsible tourism regulations that we communicate to our customers and guides, paying particular attention to the environmental awareness of our excursions, which include a day of sustainability in the contracted package.<\/span><\/p>\n<\/li>\n<li>\n<p id=\"tw-target-text\" class=\"tw-data-text tw-text-large tw-ta\" dir=\"ltr\" data-placeholder=\"Traducci\u00f3n\">We support the local economy by hiring local businesses and promoting trade, culture and the local environment. We are working to design more sustainable tourism packages considering the value chain. For this reason, we will regularly assess the sustainability practices of our key partners to work with those who guarantee that their practices are truly sustainable.<\/p>\n<\/li>\n<li>\n<p id=\"tw-target-text\" class=\"tw-data-text tw-text-large tw-ta\" dir=\"ltr\" data-placeholder=\"Traducci\u00f3n\"><span class=\"Y2IQFc\" lang=\"en\">We do not allow the purchase of souvenirs containing endangered flora and fauna species, illegally obtained historical\/archaeological artifacts, drugs or illegal substances, and we comply with current local and international laws to prevent this.<\/span><\/p>\n<\/li>\n<li>We reduce the consumption of internal natural resources such as electricity and especially fuel in transport by raising awareness among partners and our employees. We are working towards 100% offsetting the carbon footprint of our activities. We can confirm this through emission certificates in official projects (registered with the Spanish Ministry of the Environment and\/or the Ministry of the Environment of the Balearic Islands)<\/li>\n<li>Ensuring the safety and health of our workers, 100% compliance with labor regulations and raising awareness among all our stakeholders of absolute respect for human rights, equality, non-discrimination and in particular the rights of minors through information on the web and contractual documents , manuals and internal procedures.<\/li>\n<li>We define goals and measures for the continuous improvement of sustainability management and compliance with legal regulations.<\/li>\n<\/ul>\n[\/vc_column_text][\/vc_column][\/vc_row][vc_row type=&#8221;full_width_background&#8221; full_screen_row_position=&#8221;middle&#8221; column_margin=&#8221;default&#8221; column_direction=&#8221;default&#8221; column_direction_tablet=&#8221;default&#8221; column_direction_phone=&#8221;default&#8221; scene_position=&#8221;center&#8221; text_color=&#8221;dark&#8221; text_align=&#8221;left&#8221; row_border_radius=&#8221;none&#8221; row_border_radius_applies=&#8221;bg&#8221; overflow=&#8221;visible&#8221; id=&#8221;cleanwave&#8221; overlay_strength=&#8221;0.3&#8243; gradient_direction=&#8221;left_to_right&#8221; shape_divider_position=&#8221;bottom&#8221; bg_image_animation=&#8221;none&#8221; shape_type=&#8221;&#8221;][vc_column column_padding=&#8221;no-extra-padding&#8221; column_padding_tablet=&#8221;inherit&#8221; column_padding_phone=&#8221;inherit&#8221; column_padding_position=&#8221;all&#8221; column_element_direction_desktop=&#8221;default&#8221; column_element_spacing=&#8221;default&#8221; desktop_text_alignment=&#8221;default&#8221; tablet_text_alignment=&#8221;default&#8221; phone_text_alignment=&#8221;default&#8221; background_color_opacity=&#8221;1&#8243; background_hover_color_opacity=&#8221;1&#8243; column_backdrop_filter=&#8221;none&#8221; column_shadow=&#8221;none&#8221; column_border_radius=&#8221;none&#8221; column_link_target=&#8221;_self&#8221; column_position=&#8221;default&#8221; gradient_direction=&#8221;left_to_right&#8221; overlay_strength=&#8221;0.3&#8243; width=&#8221;1\/2&#8243; tablet_width_inherit=&#8221;default&#8221; animation_type=&#8221;default&#8221; bg_image_animation=&#8221;none&#8221; border_type=&#8221;simple&#8221; column_border_width=&#8221;none&#8221; column_border_style=&#8221;solid&#8221;][vc_column_text]\n<div id=\"tw-target-text-container\" class=\"tw-ta-container F0azHf tw-nfl\" tabindex=\"0\">\n<p id=\"tw-target-text\" class=\"tw-data-text tw-text-large tw-ta\" dir=\"ltr\" data-placeholder=\"Traducci\u00f3n\" aria-label=\"Texto traducido\" data-ved=\"2ahUKEwjblKuZmaeIAxX62QIHHRvNEnkQ3ewLegQIBxAT\"><span class=\"Y2IQFc\" lang=\"en\">The issue of sustainability is very important to us. Reducing plastic is an important step towards sustainability. Reusable bottles are a simple and effective way to reduce plastic consumption. Don&#8217;t hesitate to bring a reusable water bottle with you to avoid plastic flooding. In most hotels you can refill drinking water for free. We provide you with the corresponding list in our travel documents. We would also like to draw attention to the CLEANWAVE Foundation.\u00a0 <\/span><\/p>\n<p class=\"tw-data-text tw-text-large tw-ta\" dir=\"ltr\" data-placeholder=\"Traducci\u00f3n\" aria-label=\"Texto traducido\" data-ved=\"2ahUKEwjblKuZmaeIAxX62QIHHRvNEnkQ3ewLegQIBxAT\"><span class=\"Y2IQFc\" lang=\"en\">Here is an excerpt of alarming facts: <\/span><\/p>\n<ul>\n<li class=\"tw-data-text tw-text-large tw-ta\" dir=\"ltr\" data-placeholder=\"Traducci\u00f3n\" aria-label=\"Texto traducido\" data-ved=\"2ahUKEwjblKuZmaeIAxX62QIHHRvNEnkQ3ewLegQIBxAT\"><span class=\"Y2IQFc\" lang=\"en\">More than 8 million tons of plastic bottles end up in the ocean every year.<br \/>\n<\/span><\/li>\n<li class=\"tw-data-text tw-text-large tw-ta\" dir=\"ltr\" data-placeholder=\"Traducci\u00f3n\" aria-label=\"Texto traducido\" data-ved=\"2ahUKEwjblKuZmaeIAxX62QIHHRvNEnkQ3ewLegQIBxAT\"><span class=\"Y2IQFc\" lang=\"en\">In the Balearic Islands, 1.5 million single-use plastic bottles are consumed every day. <\/span><\/li>\n<li class=\"tw-data-text tw-text-large tw-ta\" dir=\"ltr\" data-placeholder=\"Traducci\u00f3n\" aria-label=\"Texto traducido\" data-ved=\"2ahUKEwjblKuZmaeIAxX62QIHHRvNEnkQ3ewLegQIBxAT\"><span class=\"Y2IQFc\" lang=\"en\">In the Balearic Islands, the consumption of plastic water bottles doubles compared to the rest of Spain. 92% of the garbage on the beaches of the Mediterranean islands is plastic. <\/span><\/li>\n<li class=\"tw-data-text tw-text-large tw-ta\" dir=\"ltr\" data-placeholder=\"Traducci\u00f3n\" aria-label=\"Texto traducido\" data-ved=\"2ahUKEwjblKuZmaeIAxX62QIHHRvNEnkQ3ewLegQIBxAT\"><span class=\"Y2IQFc\" lang=\"en\">In Mallorca only 20% of waste is recycled, so 80% ends up in landfills and\/or the sea. <\/span><\/li>\n<\/ul>\n<p><span class=\"Y2IQFc\" lang=\"en\">If no action is taken, there could be more plastic than fish in the oceans by 2050. For more information, see here: <a href=\"http:\/\/www.cleanwavefoundation.org\" target=\"_blank\" rel=\"noopener\">www.cleanwavefoundation.org<\/a><\/span><\/p>\n<p><span class=\"Y2IQFc\" lang=\"en\">You can download the free CLEANWAVE APP. There you will find all the fountains and locations on the island where you can refill free drinking water.<\/span><\/div>\n[\/vc_column_text][\/vc_column][vc_column column_padding=&#8221;no-extra-padding&#8221; column_padding_tablet=&#8221;inherit&#8221; column_padding_phone=&#8221;inherit&#8221; column_padding_position=&#8221;all&#8221; column_element_direction_desktop=&#8221;default&#8221; column_element_spacing=&#8221;default&#8221; desktop_text_alignment=&#8221;default&#8221; tablet_text_alignment=&#8221;default&#8221; phone_text_alignment=&#8221;default&#8221; background_color_opacity=&#8221;1&#8243; background_hover_color_opacity=&#8221;1&#8243; column_backdrop_filter=&#8221;none&#8221; column_shadow=&#8221;none&#8221; column_border_radius=&#8221;none&#8221; column_link_target=&#8221;_self&#8221; column_position=&#8221;default&#8221; gradient_direction=&#8221;left_to_right&#8221; overlay_strength=&#8221;0.3&#8243; width=&#8221;1\/2&#8243; tablet_width_inherit=&#8221;default&#8221; animation_type=&#8221;default&#8221; bg_image_animation=&#8221;none&#8221; border_type=&#8221;simple&#8221; column_border_width=&#8221;none&#8221; column_border_style=&#8221;solid&#8221;][image_with_animation image_url=&#8221;5235&#8243; image_size=&#8221;full&#8221; animation_type=&#8221;entrance&#8221; animation=&#8221;Fade In&#8221; animation_easing=&#8221;default&#8221; animation_movement_type=&#8221;transform_y&#8221; hover_animation=&#8221;none&#8221; alignment=&#8221;&#8221; border_radius=&#8221;none&#8221; box_shadow=&#8221;none&#8221; image_loading=&#8221;default&#8221; max_width=&#8221;100%&#8221; max_width_mobile=&#8221;default&#8221;][\/vc_column][\/vc_row][vc_row type=&#8221;full_width_background&#8221; full_screen_row_position=&#8221;middle&#8221; column_margin=&#8221;default&#8221; column_direction=&#8221;default&#8221; column_direction_tablet=&#8221;default&#8221; column_direction_phone=&#8221;default&#8221; scene_position=&#8221;center&#8221; text_color=&#8221;dark&#8221; text_align=&#8221;left&#8221; row_border_radius=&#8221;none&#8221; row_border_radius_applies=&#8221;bg&#8221; overflow=&#8221;visible&#8221; id=&#8221;cleanwave&#8221; overlay_strength=&#8221;0.3&#8243; gradient_direction=&#8221;left_to_right&#8221; shape_divider_position=&#8221;bottom&#8221; bg_image_animation=&#8221;none&#8221; shape_type=&#8221;&#8221;][vc_column column_padding=&#8221;no-extra-padding&#8221; column_padding_tablet=&#8221;inherit&#8221; column_padding_phone=&#8221;inherit&#8221; column_padding_position=&#8221;all&#8221; column_element_direction_desktop=&#8221;default&#8221; column_element_spacing=&#8221;default&#8221; desktop_text_alignment=&#8221;default&#8221; tablet_text_alignment=&#8221;default&#8221; phone_text_alignment=&#8221;default&#8221; background_color_opacity=&#8221;1&#8243; background_hover_color_opacity=&#8221;1&#8243; column_backdrop_filter=&#8221;none&#8221; column_shadow=&#8221;none&#8221; column_border_radius=&#8221;none&#8221; column_link_target=&#8221;_self&#8221; column_position=&#8221;default&#8221; gradient_direction=&#8221;left_to_right&#8221; overlay_strength=&#8221;0.3&#8243; width=&#8221;1\/2&#8243; tablet_width_inherit=&#8221;default&#8221; animation_type=&#8221;default&#8221; bg_image_animation=&#8221;none&#8221; border_type=&#8221;simple&#8221; column_border_width=&#8221;none&#8221; column_border_style=&#8221;solid&#8221;][vc_column_text]\n<p id=\"tw-target-text\" class=\"tw-data-text tw-text-large tw-ta\" dir=\"ltr\" tabindex=\"-1\" role=\"text\" data-placeholder=\"Traducci\u00f3n\" data-ved=\"2ahUKEwigqNui192PAxVGgP0HHQmeFyoQ3ewLegQIChAV\" aria-label=\"Texto traducido: Human Resources and Human Rights Policy 1. General Commitment MALLORCA ACTIVITIES is committed to managing its human resources based on the principles of respect, equity, and sustainability, in line with the Travelife certification criteria and international standards on Human Rights and Decent Work (ILO, UN, 2030 Agenda). Our human resources policy seeks to ensure a safe, inclusive, and fair work environment that contributes to the well-being of our employees and the sustainability of tourism in our community.\"><span class=\"Y2IQFc\" lang=\"en\">Human Resources and Human Rights Policy <\/span><\/p>\n<p class=\"tw-data-text tw-text-large tw-ta\" dir=\"ltr\" tabindex=\"-1\" role=\"text\" data-placeholder=\"Traducci\u00f3n\" data-ved=\"2ahUKEwigqNui192PAxVGgP0HHQmeFyoQ3ewLegQIChAV\" aria-label=\"Texto traducido: Human Resources and Human Rights Policy 1. General Commitment MALLORCA ACTIVITIES is committed to managing its human resources based on the principles of respect, equity, and sustainability, in line with the Travelife certification criteria and international standards on Human Rights and Decent Work (ILO, UN, 2030 Agenda). Our human resources policy seeks to ensure a safe, inclusive, and fair work environment that contributes to the well-being of our employees and the sustainability of tourism in our community.\"><span class=\"Y2IQFc\" lang=\"en\">1. General Commitment <strong>MALLORCA ACTIVITIES<\/strong> is committed to managing its human resources based on the principles of respect, equity, and sustainability, in line with the Travelife certification criteria and international standards on Human Rights and Decent Work (ILO, UN, 2030 Agenda). Our human resources policy seeks to ensure a safe, inclusive, and fair work environment that contributes to the well-being of our employees and the sustainability of tourism in our community.<\/span><\/p>\n[\/vc_column_text][\/vc_column][vc_column column_padding=&#8221;no-extra-padding&#8221; column_padding_tablet=&#8221;inherit&#8221; column_padding_phone=&#8221;inherit&#8221; column_padding_position=&#8221;all&#8221; column_element_direction_desktop=&#8221;default&#8221; column_element_spacing=&#8221;default&#8221; desktop_text_alignment=&#8221;default&#8221; tablet_text_alignment=&#8221;default&#8221; phone_text_alignment=&#8221;default&#8221; background_color_opacity=&#8221;1&#8243; background_hover_color_opacity=&#8221;1&#8243; column_backdrop_filter=&#8221;none&#8221; column_shadow=&#8221;none&#8221; column_border_radius=&#8221;none&#8221; column_link_target=&#8221;_self&#8221; column_position=&#8221;default&#8221; gradient_direction=&#8221;left_to_right&#8221; overlay_strength=&#8221;0.3&#8243; width=&#8221;1\/2&#8243; tablet_width_inherit=&#8221;default&#8221; animation_type=&#8221;default&#8221; bg_image_animation=&#8221;none&#8221; border_type=&#8221;simple&#8221; column_border_width=&#8221;none&#8221; column_border_style=&#8221;solid&#8221;][image_with_animation image_url=&#8221;5940&#8243; image_size=&#8221;full&#8221; animation_type=&#8221;entrance&#8221; animation=&#8221;Fade In&#8221; animation_easing=&#8221;default&#8221; animation_movement_type=&#8221;transform_y&#8221; hover_animation=&#8221;none&#8221; alignment=&#8221;&#8221; border_radius=&#8221;none&#8221; box_shadow=&#8221;none&#8221; image_loading=&#8221;default&#8221; max_width=&#8221;100%&#8221; max_width_mobile=&#8221;default&#8221;][\/vc_column][\/vc_row][vc_row type=&#8221;in_container&#8221; full_screen_row_position=&#8221;middle&#8221; column_margin=&#8221;default&#8221; column_direction=&#8221;default&#8221; column_direction_tablet=&#8221;default&#8221; column_direction_phone=&#8221;default&#8221; scene_position=&#8221;center&#8221; text_color=&#8221;dark&#8221; text_align=&#8221;left&#8221; row_border_radius=&#8221;none&#8221; row_border_radius_applies=&#8221;bg&#8221; overflow=&#8221;visible&#8221; overlay_strength=&#8221;0.3&#8243; gradient_direction=&#8221;left_to_right&#8221; shape_divider_position=&#8221;bottom&#8221; bg_image_animation=&#8221;none&#8221;][vc_column column_padding=&#8221;no-extra-padding&#8221; column_padding_tablet=&#8221;inherit&#8221; column_padding_phone=&#8221;inherit&#8221; column_padding_position=&#8221;all&#8221; column_element_direction_desktop=&#8221;default&#8221; column_element_spacing=&#8221;default&#8221; desktop_text_alignment=&#8221;default&#8221; tablet_text_alignment=&#8221;default&#8221; phone_text_alignment=&#8221;default&#8221; background_color_opacity=&#8221;1&#8243; background_hover_color_opacity=&#8221;1&#8243; column_backdrop_filter=&#8221;none&#8221; column_shadow=&#8221;none&#8221; column_border_radius=&#8221;none&#8221; column_link_target=&#8221;_self&#8221; column_position=&#8221;default&#8221; gradient_direction=&#8221;left_to_right&#8221; overlay_strength=&#8221;0.3&#8243; width=&#8221;1\/1&#8243; tablet_width_inherit=&#8221;default&#8221; animation_type=&#8221;default&#8221; bg_image_animation=&#8221;none&#8221; border_type=&#8221;simple&#8221; column_border_width=&#8221;none&#8221; column_border_style=&#8221;solid&#8221;][vc_column_text]\n<h4><strong>Resumen ejecutivo<\/strong><\/h4>\n<p>Mallorca Activities ha impulsado en 2023\u20132024 un conjunto de acciones para reducir su impacto ambiental, mejorar el bienestar del personal y consolidar relaciones responsables con proveedores. El balance muestra logros concretos: disminuci\u00f3n relativa de la huella de carbono, eliminaci\u00f3n de t\u00f3ners, mejoras en eficiencia energ\u00e9tica y 100% de proveedores locales. De cara a 2025\u20132026, se plantean nuevos objetivos vinculados al transporte sostenible, el turismo responsable y la comunicaci\u00f3n internacional.<\/p>\n<h4>Indicadores clave de sostenibilidad (KPIs)<\/h4>\n<table>\n<tbody>\n<tr>\n<td width=\"192\"><strong>Indicador<\/strong><\/td>\n<td width=\"192\"><strong>2022<\/strong><\/td>\n<td width=\"192\"><strong>2024<\/strong><\/td>\n<\/tr>\n<tr>\n<td width=\"192\"><strong>Consumo electricidad (kWh)<\/strong><\/td>\n<td width=\"192\">401<\/td>\n<td width=\"192\">624<\/td>\n<\/tr>\n<tr>\n<td width=\"192\"><strong>Intensidad electricidad (kWh\/facturaci\u00f3n)<\/strong><\/td>\n<td width=\"192\">0,00146<\/td>\n<td width=\"192\">0,00083<\/td>\n<\/tr>\n<tr>\n<td width=\"192\"><strong>Consumo gasoil (L)<\/strong><\/td>\n<td width=\"192\">1.652<\/td>\n<td width=\"192\">4.996<\/td>\n<\/tr>\n<tr>\n<td width=\"192\"><strong>Intensidad gasoil (L\/facturaci\u00f3n)<\/strong><\/td>\n<td width=\"192\">0,0060<\/td>\n<td width=\"192\">0,0066<\/td>\n<\/tr>\n<tr>\n<td width=\"192\"><strong>Consumo t\u00f3ners (unidades)<\/strong><\/td>\n<td width=\"192\">12,56<\/td>\n<td width=\"192\">0<\/td>\n<\/tr>\n<tr>\n<td width=\"192\"><strong>Huella de carbono (tCO\u2082e)<\/strong><\/td>\n<td width=\"192\">4,24<\/td>\n<td width=\"192\">12,51<\/td>\n<\/tr>\n<tr>\n<td width=\"192\"><strong>Intensidad huella (tCO\u2082e\/facturaci\u00f3n)<\/strong><\/td>\n<td width=\"192\">15,5<\/td>\n<td width=\"192\">16,7<\/td>\n<\/tr>\n<tr>\n<td width=\"192\"><strong>% proveedores con pr\u00e1cticas ambientales<\/strong><\/td>\n<td width=\"192\">62,5%<\/td>\n<td width=\"192\">80%<\/td>\n<\/tr>\n<tr>\n<td width=\"192\"><strong>% proveedores locales<\/strong><\/td>\n<td width=\"192\">100%<\/td>\n<td width=\"192\">100%<\/td>\n<\/tr>\n<\/tbody>\n<\/table>\n<p>Tabla 1. Evoluci\u00f3n de indicadores clave de sostenibilidad (2022 vs. 2024).<\/p>\n<h4>Logros destacados 2023\u20132024<\/h4>\n<p>\u2713 Eliminaci\u00f3n completa del consumo de t\u00f3ners en oficinas.<\/p>\n<p>\u2713 Seguro de salud privado para todo el personal (desde octubre 2023).<\/p>\n<p>\u2713 100% de proveedores locales, reforzando la econom\u00eda de proximidad.<\/p>\n<p>\u2713 Incremento de proveedores con pr\u00e1cticas ambientales del 62,5% al 80%.<\/p>\n<p>\u2713 Implementaci\u00f3n de botellas reutilizables en colaboraci\u00f3n con Clean Wave.<\/p>\n<p>\u2713 Registro de la huella de carbono y compensaci\u00f3n del 100% de la misma.<\/p>\n<p>&nbsp;<\/p>\n<h4>Evoluci\u00f3n de indicadores<\/h4>\n<p>Figura 1. Consumo de electricidad en oficinas (kWh) e intensidad por facturaci\u00f3n.<\/p>\n<p>Figura 2. Consumo de gasoil de transporte (L) e intensidad por facturaci\u00f3n.<\/p>\n<p>Figura 3. Consumo de t\u00f3ners\/unidades e intensidad por facturaci\u00f3n.<\/p>\n<p>Figura 4. % de proveedores locales.<\/p>\n<p>Figura 5. % de proveedores con pr\u00e1cticas circulares\/ambientales.<\/p>\n<p>Figura 6. Huella de carbono intensidad por facturaci\u00f3n<\/p>\n<p>&nbsp;<\/p>\n<p>&nbsp;<\/p>\n<h4>Propuesta de objetivos 2025\u20132026<\/h4>\n<p>Con la experiencia acumulada y los avances conseguidos en los \u00faltimos a\u00f1os, el siguiente paso es plantear nuevos retos que refuercen la sostenibilidad de la organizaci\u00f3n y ampl\u00eden su impacto positivo. Entre las propuestas destacan:<\/p>\n<ol>\n<li><strong> Optimizaci\u00f3n del transporte de clientes<\/strong><\/li>\n<\/ol>\n<p>En 2025 se ha puesto en marcha una nueva pr\u00e1ctica: establecer un <strong>d\u00eda fijo de llegada de clientes<\/strong> para unificar transportes y reducir los desplazamientos. Esta medida, visible ya en la web de reservas, ser\u00e1 clave para disminuir consumos de combustible y emisiones de CO\u2082.<\/p>\n<ul>\n<li><strong>Objetivo 2025\u20132026:<\/strong> consolidar esta pr\u00e1ctica y medir el ahorro real en transporte, ampliando su aplicaci\u00f3n a m\u00e1s rutas y servicios.<\/li>\n<\/ul>\n<ol start=\"2\">\n<li><strong> Creaci\u00f3n de paquetes de excursiones sostenibles<\/strong><\/li>\n<\/ol>\n<p>Se propone <strong>dise\u00f1ar y ofrecer paquetes de excursiones<\/strong> en colaboraci\u00f3n con <strong>hoteles certificados y entidades ecol\u00f3gicas<\/strong>, reforzando la oferta tur\u00edstica responsable.<\/p>\n<ul>\n<li><strong>Objetivo 2025\u20132026:<\/strong> lanzar un cat\u00e1logo de excursiones sostenibles que combine cultura, naturaleza y econom\u00eda local.<\/li>\n<\/ul>\n<ol start=\"3\">\n<li><strong> Difusi\u00f3n de excursiones sensibles e inclusivas<\/strong><\/li>\n<\/ol>\n<p>Se ha iniciado la publicaci\u00f3n en la p\u00e1gina web de un <strong>listado de excursiones sensibles e interesantes<\/strong>, disponible en tres idiomas.<\/p>\n<ul>\n<li><strong>Objetivo 2025\u20132026:<\/strong> ampliar y mantener actualizado este listado, asegurando que las experiencias promovidas respeten criterios ambientales, sociales y culturales.<\/li>\n<\/ul>\n<ol start=\"4\">\n<li><strong> Comunicaci\u00f3n y sensibilizaci\u00f3n internacional<\/strong><\/li>\n<\/ol>\n<p>En 2025 se ha grabado un <strong>documental sobre la vida salvaje de Mallorca<\/strong>, en colaboraci\u00f3n con una televisi\u00f3n alemana y la BBC. El estreno est\u00e1 previsto para 2026.<\/p>\n<ul>\n<li><strong>Objetivo 2025\u20132026:<\/strong> aprovechar el lanzamiento del documental como plataforma de comunicaci\u00f3n para dar a conocer las buenas pr\u00e1cticas de sostenibilidad, tanto a nivel local como internacional.<\/li>\n<\/ul>\n<ol start=\"5\">\n<li><strong> Contribuci\u00f3n a la Serra de Tramuntana y a entidades locales<\/strong><\/li>\n<\/ol>\n<p>Se defini\u00f3 como objetivo destinar un 1% de los beneficios anuales a proyectos sociales y ambientales en la Serra de Tramuntana. ( TRAMONTANA XXI y\u00a0 BALEARS VERD PROYECTOS<\/p>\n<ul>\n<li><strong>Seguimiento:<\/strong> este compromiso todav\u00eda no se ha materializado, por lo que queda pendiente su ejecuci\u00f3n y consolidaci\u00f3n en los pr\u00f3ximos ejercicios. Compensar la huella de carbono en proyectos de las islas baleares<\/li>\n<\/ul>\n[\/vc_column_text][\/vc_column][\/vc_row]\n","protected":false},"excerpt":{"rendered":"<p>[vc_row type=&#8221;full_width_background&#8221; full_screen_row_position=&#8221;middle&#8221; column_margin=&#8221;default&#8221; column_direction=&#8221;default&#8221; column_direction_tablet=&#8221;default&#8221; column_direction_phone=&#8221;default&#8221; scene_position=&#8221;center&#8221; text_color=&#8221;dark&#8221; text_align=&#8221;left&#8221; row_border_radius=&#8221;none&#8221; row_border_radius_applies=&#8221;bg&#8221; overflow=&#8221;visible&#8221; overlay_strength=&#8221;0.3&#8243; gradient_direction=&#8221;left_to_right&#8221;&#8230;<\/p>\n","protected":false},"author":1,"featured_media":0,"parent":0,"menu_order":0,"comment_status":"closed","ping_status":"closed","template":"","meta":[],"yoast_head":"<!-- This site is optimized with the Yoast SEO plugin v21.1 - https:\/\/yoast.com\/wordpress\/plugins\/seo\/ -->\n<title>Sustainability - Mallorca Activities - GR221 - GR222<\/title>\n<meta name=\"description\" content=\"Individual trekking por el GR221 sin guia. Mallorca Activities te organizara todo la ruta con alojamineto y transporte de equipaje.\" \/>\n<meta name=\"robots\" content=\"index, follow, max-snippet:-1, max-image-preview:large, max-video-preview:-1\" \/>\n<link rel=\"canonical\" href=\"https:\/\/mallorca-activities.com\/en\/sustainability\/\" \/>\n<meta property=\"og:locale\" content=\"en_US\" \/>\n<meta property=\"og:type\" content=\"article\" \/>\n<meta property=\"og:title\" content=\"Sustainability - Mallorca Activities - GR221 - GR222\" \/>\n<meta property=\"og:description\" content=\"Individual trekking por el GR221 sin guia. Mallorca Activities te organizara todo la ruta con alojamineto y transporte de equipaje.\" \/>\n<meta property=\"og:url\" content=\"https:\/\/mallorca-activities.com\/en\/sustainability\/\" \/>\n<meta property=\"og:site_name\" content=\"Mallorca Activities\" \/>\n<meta property=\"article:publisher\" content=\"https:\/\/www.facebook.com\/mallorcactivities33\/\" \/>\n<meta property=\"article:modified_time\" content=\"2025-09-29T10:10:24+00:00\" \/>\n<meta property=\"og:image\" content=\"https:\/\/mallorca-activities.com\/wp-content\/uploads\/2023\/03\/1.jpg\" \/>\n<meta name=\"twitter:card\" content=\"summary_large_image\" \/>\n<meta name=\"twitter:label1\" content=\"Est. reading time\" \/>\n\t<meta name=\"twitter:data1\" content=\"2 minutes\" \/>\n<script type=\"application\/ld+json\" class=\"yoast-schema-graph\">{\"@context\":\"https:\/\/schema.org\",\"@graph\":[{\"@type\":\"WebPage\",\"@id\":\"https:\/\/mallorca-activities.com\/en\/sustainability\/\",\"url\":\"https:\/\/mallorca-activities.com\/en\/sustainability\/\",\"name\":\"Sustainability - Mallorca Activities - GR221 - GR222\",\"isPartOf\":{\"@id\":\"https:\/\/mallorca-activities.com\/en\/#website\"},\"datePublished\":\"2023-03-10T08:33:22+00:00\",\"dateModified\":\"2025-09-29T10:10:24+00:00\",\"description\":\"Individual trekking por el GR221 sin guia. Mallorca Activities te organizara todo la ruta con alojamineto y transporte de equipaje.\",\"breadcrumb\":{\"@id\":\"https:\/\/mallorca-activities.com\/en\/sustainability\/#breadcrumb\"},\"inLanguage\":\"en-US\",\"potentialAction\":[{\"@type\":\"ReadAction\",\"target\":[\"https:\/\/mallorca-activities.com\/en\/sustainability\/\"]}]},{\"@type\":\"BreadcrumbList\",\"@id\":\"https:\/\/mallorca-activities.com\/en\/sustainability\/#breadcrumb\",\"itemListElement\":[{\"@type\":\"ListItem\",\"position\":1,\"name\":\"Portada\",\"item\":\"https:\/\/mallorca-activities.com\/en\/\"},{\"@type\":\"ListItem\",\"position\":2,\"name\":\"Sustainability\"}]},{\"@type\":\"WebSite\",\"@id\":\"https:\/\/mallorca-activities.com\/en\/#website\",\"url\":\"https:\/\/mallorca-activities.com\/en\/\",\"name\":\"Mallorca Activities\",\"description\":\"Agencia de Incoming fundada en Mallorca, dedicada al deporte y eventos de aventura; donde puedes disfrutar del deporte individual\",\"publisher\":{\"@id\":\"https:\/\/mallorca-activities.com\/en\/#organization\"},\"potentialAction\":[{\"@type\":\"SearchAction\",\"target\":{\"@type\":\"EntryPoint\",\"urlTemplate\":\"https:\/\/mallorca-activities.com\/en\/?s={search_term_string}\"},\"query-input\":\"required name=search_term_string\"}],\"inLanguage\":\"en-US\"},{\"@type\":\"Organization\",\"@id\":\"https:\/\/mallorca-activities.com\/en\/#organization\",\"name\":\"MALLORCA ACTIVITIES\",\"url\":\"https:\/\/mallorca-activities.com\/en\/\",\"logo\":{\"@type\":\"ImageObject\",\"inLanguage\":\"en-US\",\"@id\":\"https:\/\/mallorca-activities.com\/en\/#\/schema\/logo\/image\/\",\"url\":\"https:\/\/mallorca-activities.com\/wp-content\/uploads\/2020\/09\/cropped-fav-3.png\",\"contentUrl\":\"https:\/\/mallorca-activities.com\/wp-content\/uploads\/2020\/09\/cropped-fav-3.png\",\"width\":512,\"height\":512,\"caption\":\"MALLORCA ACTIVITIES\"},\"image\":{\"@id\":\"https:\/\/mallorca-activities.com\/en\/#\/schema\/logo\/image\/\"},\"sameAs\":[\"https:\/\/www.facebook.com\/mallorcactivities33\/\"]}]}<\/script>\n<!-- \/ Yoast SEO plugin. -->","yoast_head_json":{"title":"Sustainability - Mallorca Activities - GR221 - GR222","description":"Individual trekking por el GR221 sin guia. Mallorca Activities te organizara todo la ruta con alojamineto y transporte de equipaje.","robots":{"index":"index","follow":"follow","max-snippet":"max-snippet:-1","max-image-preview":"max-image-preview:large","max-video-preview":"max-video-preview:-1"},"canonical":"https:\/\/mallorca-activities.com\/en\/sustainability\/","og_locale":"en_US","og_type":"article","og_title":"Sustainability - Mallorca Activities - GR221 - GR222","og_description":"Individual trekking por el GR221 sin guia. Mallorca Activities te organizara todo la ruta con alojamineto y transporte de equipaje.","og_url":"https:\/\/mallorca-activities.com\/en\/sustainability\/","og_site_name":"Mallorca Activities","article_publisher":"https:\/\/www.facebook.com\/mallorcactivities33\/","article_modified_time":"2025-09-29T10:10:24+00:00","og_image":[{"url":"https:\/\/mallorca-activities.com\/wp-content\/uploads\/2023\/03\/1.jpg"}],"twitter_card":"summary_large_image","twitter_misc":{"Est. reading time":"2 minutes"},"schema":{"@context":"https:\/\/schema.org","@graph":[{"@type":"WebPage","@id":"https:\/\/mallorca-activities.com\/en\/sustainability\/","url":"https:\/\/mallorca-activities.com\/en\/sustainability\/","name":"Sustainability - Mallorca Activities - GR221 - GR222","isPartOf":{"@id":"https:\/\/mallorca-activities.com\/en\/#website"},"datePublished":"2023-03-10T08:33:22+00:00","dateModified":"2025-09-29T10:10:24+00:00","description":"Individual trekking por el GR221 sin guia. Mallorca Activities te organizara todo la ruta con alojamineto y transporte de equipaje.","breadcrumb":{"@id":"https:\/\/mallorca-activities.com\/en\/sustainability\/#breadcrumb"},"inLanguage":"en-US","potentialAction":[{"@type":"ReadAction","target":["https:\/\/mallorca-activities.com\/en\/sustainability\/"]}]},{"@type":"BreadcrumbList","@id":"https:\/\/mallorca-activities.com\/en\/sustainability\/#breadcrumb","itemListElement":[{"@type":"ListItem","position":1,"name":"Portada","item":"https:\/\/mallorca-activities.com\/en\/"},{"@type":"ListItem","position":2,"name":"Sustainability"}]},{"@type":"WebSite","@id":"https:\/\/mallorca-activities.com\/en\/#website","url":"https:\/\/mallorca-activities.com\/en\/","name":"Mallorca Activities","description":"Agencia de Incoming fundada en Mallorca, dedicada al deporte y eventos de aventura; donde puedes disfrutar del deporte individual","publisher":{"@id":"https:\/\/mallorca-activities.com\/en\/#organization"},"potentialAction":[{"@type":"SearchAction","target":{"@type":"EntryPoint","urlTemplate":"https:\/\/mallorca-activities.com\/en\/?s={search_term_string}"},"query-input":"required name=search_term_string"}],"inLanguage":"en-US"},{"@type":"Organization","@id":"https:\/\/mallorca-activities.com\/en\/#organization","name":"MALLORCA ACTIVITIES","url":"https:\/\/mallorca-activities.com\/en\/","logo":{"@type":"ImageObject","inLanguage":"en-US","@id":"https:\/\/mallorca-activities.com\/en\/#\/schema\/logo\/image\/","url":"https:\/\/mallorca-activities.com\/wp-content\/uploads\/2020\/09\/cropped-fav-3.png","contentUrl":"https:\/\/mallorca-activities.com\/wp-content\/uploads\/2020\/09\/cropped-fav-3.png","width":512,"height":512,"caption":"MALLORCA ACTIVITIES"},"image":{"@id":"https:\/\/mallorca-activities.com\/en\/#\/schema\/logo\/image\/"},"sameAs":["https:\/\/www.facebook.com\/mallorcactivities33\/"]}]}},"_links":{"self":[{"href":"https:\/\/mallorca-activities.com\/en\/wp-json\/wp\/v2\/pages\/4671"}],"collection":[{"href":"https:\/\/mallorca-activities.com\/en\/wp-json\/wp\/v2\/pages"}],"about":[{"href":"https:\/\/mallorca-activities.com\/en\/wp-json\/wp\/v2\/types\/page"}],"author":[{"embeddable":true,"href":"https:\/\/mallorca-activities.com\/en\/wp-json\/wp\/v2\/users\/1"}],"replies":[{"embeddable":true,"href":"https:\/\/mallorca-activities.com\/en\/wp-json\/wp\/v2\/comments?post=4671"}],"version-history":[{"count":32,"href":"https:\/\/mallorca-activities.com\/en\/wp-json\/wp\/v2\/pages\/4671\/revisions"}],"predecessor-version":[{"id":5959,"href":"https:\/\/mallorca-activities.com\/en\/wp-json\/wp\/v2\/pages\/4671\/revisions\/5959"}],"wp:attachment":[{"href":"https:\/\/mallorca-activities.com\/en\/wp-json\/wp\/v2\/media?parent=4671"}],"curies":[{"name":"wp","href":"https:\/\/api.w.org\/{rel}","templated":true}]}}