{"id":1098,"date":"2020-09-28T10:05:23","date_gmt":"2020-09-28T08:05:23","guid":{"rendered":"https:\/\/mallorca-activities.com\/?post_type=product&#038;p=1098"},"modified":"2020-10-19T12:50:29","modified_gmt":"2020-10-19T10:50:29","slug":"gr221-alpin","status":"publish","type":"product","link":"https:\/\/mallorca-activities.com\/de\/producto\/gr221-alpin\/","title":{"rendered":"GR221  ALPIN TREKKING"},"content":{"rendered":"<p>Das Programm \u201eGR221 \u2013 ALPIN TREKKING\u201c richtet sich an die \u201cBergsteiger\u201d unter den Wanderern. Nicht nur wegen der L\u00e4nge und H\u00f6henunterschiede der Strecken, sondern auch wegen der Art der Wege. Einige Abschnitte erfordern die Verwendung von H\u00e4nden und sogar Seilen, wie zum Beispiel in dem Torrente de Pareis. Viele der Wege sind \u201cnur\u201d Pfade, die uns lange \u00fcber Steine \u200b\u200boder Felsen f\u00fchren. Der Abstieg vom \u201cPuig de Massanella\u201d zum Beispiel, verf\u00fcgt \u00fcber keine Ausschilderung und ist \u201cnur\u201d mit Steinm\u00e4nnchen ausgewiesen. Dieses Programm GR221 &#8211; ALPIN erfordert gute Kondition und einige Erfahrung im Wandern.<\/p>\n<h5>Esporles &#8211; Deia<\/h5>\n<p>Diese Wanderung f\u00fchrt durch Steineichenw\u00e4lder, vorbei an alten Kohle\u00f6fen und Kalk\u00f6fen bis nach Valldemossa. Hier habt ihr Zeit f\u00fcr einen Kaffee oder einen kleinen Dorfbummel. Nun wartet der Aufstieg zu wohl einem der ber\u00fchmtesten Wanderwege Mallorcas, dem \u201eReitweg des Erzherzoges Ludwig Salvador\u201c. Danach steigt \u00fcber einen Pass in Richtung Deia ab, welches als eines der malerischsten Bergd\u00f6rfers Mallorcas gilt.<\/p>\n<p>\u25b2: 1100 m.\u00a0 \u25bc: 1200 m.\u00a0 L\u00e4nge: ca. 17 km.\u00a0 Gehzeit: ca. 6,5h.<\/p>\n<p>\u00dcbernachtung: <a href=\"https:\/\/www.grupocostanord.com\/refugi-can-boi\">Refugio Can Boi<\/a><\/p>\n<h5>Deia &#8211; Soller<\/h5>\n<p>Die einfachste Route der Wanderwoche f\u00fchrt entlang des \u201cCam\u00ed des Pintors\u201d, vorbei an alten H\u00e4usern aus dem 13. Jahrhundert. Dieser Weg arabischer Abstammung, diente fr\u00fcher als Bindeglied zwischen den St\u00e4dten Soller und Deia. Bei sch\u00f6nem Wetter kann man mehrere Badepausen einlegen. Es besteht auch die M\u00f6glichkeit, einen Spaziergang durch die Bergstadt S\u00f3ller zu machen, die als \u201cHauptstadt\u201d der Tramuntana gilt.<\/p>\n<p>\u25b2: 350 m.\u00a0 \u25bc: 370 m.\u00a0 L\u00e4nge: ca. 12km.\u00a0 Gehzeit: ca. 3h.<\/p>\n<p>\u00dcbernachtung: <a href=\"https:\/\/hostelsoller.com\/\">Hostal Soller<\/a><\/p>\n<h5>Soller &#8211; Tossals Verds<\/h5>\n<p>Die Biniaraix-Schlucht ist eine der sch\u00f6nsten Landschaften in der Sierra de Tramuntana und wurde zum \u201c\u00f6ffentlichen Kulturgut\u201d erkl\u00e4rt. Dieser gepflasterte Wanderweg ist eine faszinierende Kombination aus Steinstufen, Felsen, Wasser und wilder Vegetation. Vom Gipfel \u201eL\u2018Ofre\u201d genie\u00dft ihr einen Panoramablick \u00fcber die ganze Insel. Zur Bergh\u00fctte geht es weiter \u00fcber den \u201ePas de Roca Llisa\u201c<\/p>\n<p>\u25b2: 940 m.\u00a0 \u25bc: 360 m.\u00a0 L\u00e4nge: ca. 16 km.\u00a0 Gehzeit: ca. 6,5 Std.<\/p>\n<p>\u00dcbernachtung: Refugio Tossals Verds<\/p>\n<h5>Tossals Verds &#8211; Lluc<\/h5>\n<p>Mit dem \u201cPuig de Massanella\u201d erwartet uns heute die K\u00f6nigsetappe auf dem GR221. Der Aufstieg beginnt sanft durch einen Wald und f\u00fchrt uns zu den schroff abfallenden W\u00e4nden vom Massanella. Jetzt beginnt der felsige Weg und an einigen Stellen benutzen wir unsere H\u00e4nde. Oben angekommen, geniessen wir bei einer Gipfelrast den unendlichen Ausblick, bevor der Abstieg nach Lluc auf uns wartet.<\/p>\n<p>\u25b2: 1000 m\u00a0\u00a0\u00a0\u00a0 \u25bc: ca. 800 m\u00a0\u00a0\u00a0\u00a0 L\u00e4nge: ca. 18 km\u00a0\u00a0\u00a0 Gehzeit: ca. 7,5 Std.<\/p>\n<p>\u00dcbernachtung: <a href=\"https:\/\/www.lluc.net\/de\/\">Santuari de Lluc<\/a><\/p>\n<h5>Torrente de Pareis<\/h5>\n<p>Der Torrente de Pareis gilt als die au\u00dfergew\u00f6hnlichste Wanderung auf der Insel und wurde von der UNESCO zum Naturdenkmal erkl\u00e4rt. An einigen Passagen muss man H\u00e4nde und \/ oder St\u00fctzseile verwenden. Damit ihr diesen einzigartigen Ausflug genie\u00dfen k\u00f6nnt, werdet ihr von einem unserer ausgebildeten qualifizierten <a href=\"https:\/\/mallorca-activities.com\/de\/incoming-agentur\/#guias\">Bergf\u00fchrer<\/a> begleitet. Am Ende des Ausfluges besteht die M\u00f6glichkeit, im Meer zu baden, bevor es mit dem Bus zur\u00fcckgeht.<\/p>\n<p>\u25bc: ca. 650 m\u00a0\u00a0\u00a0\u00a0 L\u00e4nge: ca. 9 km\u00a0\u00a0\u00a0 Gehzeit: ca. 5 Std.<\/p>\n<p>\u00dcbernachtung: <a href=\"https:\/\/www.lluc.net\/de\/\">Santuari de Lluc<\/a><\/p>\n<h5>Lluc &#8211; Pollensa<\/h5>\n<p>Die letzte Etappe der \u201cMallorca Durchquerung\u201d GR221 ALPIN TREKKING, f\u00fchrt euch nach Pollensa. Der gr\u00f6sste Teil dieser Etappe f\u00fchrt \u00fcber einen Forstweg und ist leicht zu gehen. Wenn ihr noch Kraft und Lust auf einen Gipfel habt, wartet direkt am Weg der \u201ePuig Tomir\u201c auf euch. Vom Gipfel aus, werdet ihr mit einem traumhaften Ausblick bis Menorca f\u00fcr den sehr steilen Aufstieg entsch\u00e4digt.<\/p>\n<p>\u25b2: 500 m.\u00a0 \u25bc: 700 m.\u00a0 L\u00e4nge: ca. 17,5 km\u00a0\u00a0 Gehzeit: ca. 5 Std.<\/p>\n<p>Alternative: mit Puig Tomir<\/p>\n<p>\u25b2: 850 m.\u00a0 \u25bc: 950 m.\u00a0 L\u00e4nge: ca. 20,5 km\u00a0\u00a0 Gehzeit: ca. 7,5 Std<\/p>\n<p>\u00dcbernachtung: <a href=\"https:\/\/www.grupocostanord.com\/refugi-pont-roma\"><u>Bergh\u00fctte Pont Roma<\/u><\/a><\/p>\n<p>&nbsp;<\/p>\n<p>&nbsp;<\/p>\n<p>&nbsp;<\/p>\n","protected":false},"excerpt":{"rendered":"<p>7 Tage Programm!<br \/>\n<strong>W\u00e4hlen Sie den Tag der Anreise.<\/strong><\/p>\n","protected":false},"featured_media":1076,"template":"","meta":[],"product_cat":[59],"product_tag":[],"yoast_head":"<!-- This site is optimized with the Yoast SEO plugin v21.1 - https:\/\/yoast.com\/wordpress\/plugins\/seo\/ -->\n<title>GR221 ALPIN TREKKING - Mallorca Activities - H\u00fcttentrekking auf Mallorca<\/title>\n<meta name=\"description\" content=\"Das Programm GR221 Alpin Trekking ist f\u00fcr erfahrene Wanderer. Das Highlight dieser Tour ist die gef\u00fchrte Wanderung durch den Torrente Pareis.\" \/>\n<meta name=\"robots\" content=\"index, follow, max-snippet:-1, max-image-preview:large, max-video-preview:-1\" \/>\n<link rel=\"canonical\" href=\"https:\/\/mallorca-activities.com\/de\/producto\/gr221-alpin\/\" \/>\n<meta property=\"og:locale\" content=\"de_DE\" \/>\n<meta property=\"og:type\" content=\"article\" \/>\n<meta property=\"og:title\" content=\"GR221 ALPIN TREKKING - Mallorca Activities - H\u00fcttentrekking auf Mallorca\" \/>\n<meta property=\"og:description\" content=\"Das Programm GR221 Alpin Trekking ist f\u00fcr erfahrene Wanderer. Das Highlight dieser Tour ist die gef\u00fchrte Wanderung durch den Torrente Pareis.\" \/>\n<meta property=\"og:url\" content=\"https:\/\/mallorca-activities.com\/de\/producto\/gr221-alpin\/\" \/>\n<meta property=\"og:site_name\" content=\"Mallorca Activities\" \/>\n<meta property=\"article:publisher\" content=\"https:\/\/www.facebook.com\/mallorcactivities33\/\" \/>\n<meta property=\"article:modified_time\" content=\"2020-10-19T10:50:29+00:00\" \/>\n<meta property=\"og:image\" content=\"https:\/\/mallorca-activities.com\/wp-content\/uploads\/2020\/09\/GR221_Alpin_Portada.jpg\" \/>\n\t<meta property=\"og:image:width\" content=\"1200\" \/>\n\t<meta property=\"og:image:height\" content=\"949\" \/>\n\t<meta property=\"og:image:type\" content=\"image\/jpeg\" \/>\n<meta name=\"twitter:card\" content=\"summary_large_image\" \/>\n<meta name=\"twitter:label1\" content=\"Gesch\u00e4tzte Lesezeit\" \/>\n\t<meta name=\"twitter:data1\" content=\"3\u00a0Minuten\" \/>\n<script type=\"application\/ld+json\" class=\"yoast-schema-graph\">{\"@context\":\"https:\/\/schema.org\",\"@graph\":[{\"@type\":\"WebPage\",\"@id\":\"https:\/\/mallorca-activities.com\/de\/producto\/gr221-alpin\/\",\"url\":\"https:\/\/mallorca-activities.com\/de\/producto\/gr221-alpin\/\",\"name\":\"GR221 ALPIN TREKKING - Mallorca Activities - H\u00fcttentrekking auf Mallorca\",\"isPartOf\":{\"@id\":\"https:\/\/mallorca-activities.com\/de\/#website\"},\"datePublished\":\"2020-09-28T08:05:23+00:00\",\"dateModified\":\"2020-10-19T10:50:29+00:00\",\"description\":\"Das Programm GR221 Alpin Trekking ist f\u00fcr erfahrene Wanderer. Das Highlight dieser Tour ist die gef\u00fchrte Wanderung durch den Torrente Pareis.\",\"breadcrumb\":{\"@id\":\"https:\/\/mallorca-activities.com\/de\/producto\/gr221-alpin\/#breadcrumb\"},\"inLanguage\":\"de\",\"potentialAction\":[{\"@type\":\"ReadAction\",\"target\":[\"https:\/\/mallorca-activities.com\/de\/producto\/gr221-alpin\/\"]}]},{\"@type\":\"BreadcrumbList\",\"@id\":\"https:\/\/mallorca-activities.com\/de\/producto\/gr221-alpin\/#breadcrumb\",\"itemListElement\":[{\"@type\":\"ListItem\",\"position\":1,\"name\":\"Portada\",\"item\":\"https:\/\/mallorca-activities.com\/de\/\"},{\"@type\":\"ListItem\",\"position\":2,\"name\":\"Tienda\",\"item\":\"https:\/\/mallorca-activities.com\/tienda\/\"},{\"@type\":\"ListItem\",\"position\":3,\"name\":\"GR221 ALPIN TREKKING\"}]},{\"@type\":\"WebSite\",\"@id\":\"https:\/\/mallorca-activities.com\/de\/#website\",\"url\":\"https:\/\/mallorca-activities.com\/de\/\",\"name\":\"Mallorca Activities\",\"description\":\"Agencia de Incoming fundada en Mallorca, dedicada al deporte y eventos de aventura; donde puedes disfrutar del deporte individual\",\"publisher\":{\"@id\":\"https:\/\/mallorca-activities.com\/de\/#organization\"},\"potentialAction\":[{\"@type\":\"SearchAction\",\"target\":{\"@type\":\"EntryPoint\",\"urlTemplate\":\"https:\/\/mallorca-activities.com\/de\/?s={search_term_string}\"},\"query-input\":\"required name=search_term_string\"}],\"inLanguage\":\"de\"},{\"@type\":\"Organization\",\"@id\":\"https:\/\/mallorca-activities.com\/de\/#organization\",\"name\":\"MALLORCA ACTIVITIES\",\"url\":\"https:\/\/mallorca-activities.com\/de\/\",\"logo\":{\"@type\":\"ImageObject\",\"inLanguage\":\"de\",\"@id\":\"https:\/\/mallorca-activities.com\/de\/#\/schema\/logo\/image\/\",\"url\":\"https:\/\/mallorca-activities.com\/wp-content\/uploads\/2020\/09\/cropped-fav-3.png\",\"contentUrl\":\"https:\/\/mallorca-activities.com\/wp-content\/uploads\/2020\/09\/cropped-fav-3.png\",\"width\":512,\"height\":512,\"caption\":\"MALLORCA ACTIVITIES\"},\"image\":{\"@id\":\"https:\/\/mallorca-activities.com\/de\/#\/schema\/logo\/image\/\"},\"sameAs\":[\"https:\/\/www.facebook.com\/mallorcactivities33\/\"]}]}<\/script>\n<!-- \/ Yoast SEO plugin. -->","yoast_head_json":{"title":"GR221 ALPIN TREKKING - Mallorca Activities - H\u00fcttentrekking auf Mallorca","description":"Das Programm GR221 Alpin Trekking ist f\u00fcr erfahrene Wanderer. Das Highlight dieser Tour ist die gef\u00fchrte Wanderung durch den Torrente Pareis.","robots":{"index":"index","follow":"follow","max-snippet":"max-snippet:-1","max-image-preview":"max-image-preview:large","max-video-preview":"max-video-preview:-1"},"canonical":"https:\/\/mallorca-activities.com\/de\/producto\/gr221-alpin\/","og_locale":"de_DE","og_type":"article","og_title":"GR221 ALPIN TREKKING - Mallorca Activities - H\u00fcttentrekking auf Mallorca","og_description":"Das Programm GR221 Alpin Trekking ist f\u00fcr erfahrene Wanderer. Das Highlight dieser Tour ist die gef\u00fchrte Wanderung durch den Torrente Pareis.","og_url":"https:\/\/mallorca-activities.com\/de\/producto\/gr221-alpin\/","og_site_name":"Mallorca Activities","article_publisher":"https:\/\/www.facebook.com\/mallorcactivities33\/","article_modified_time":"2020-10-19T10:50:29+00:00","og_image":[{"width":1200,"height":949,"url":"https:\/\/mallorca-activities.com\/wp-content\/uploads\/2020\/09\/GR221_Alpin_Portada.jpg","type":"image\/jpeg"}],"twitter_card":"summary_large_image","twitter_misc":{"Gesch\u00e4tzte Lesezeit":"3\u00a0Minuten"},"schema":{"@context":"https:\/\/schema.org","@graph":[{"@type":"WebPage","@id":"https:\/\/mallorca-activities.com\/de\/producto\/gr221-alpin\/","url":"https:\/\/mallorca-activities.com\/de\/producto\/gr221-alpin\/","name":"GR221 ALPIN TREKKING - Mallorca Activities - H\u00fcttentrekking auf Mallorca","isPartOf":{"@id":"https:\/\/mallorca-activities.com\/de\/#website"},"datePublished":"2020-09-28T08:05:23+00:00","dateModified":"2020-10-19T10:50:29+00:00","description":"Das Programm GR221 Alpin Trekking ist f\u00fcr erfahrene Wanderer. Das Highlight dieser Tour ist die gef\u00fchrte Wanderung durch den Torrente Pareis.","breadcrumb":{"@id":"https:\/\/mallorca-activities.com\/de\/producto\/gr221-alpin\/#breadcrumb"},"inLanguage":"de","potentialAction":[{"@type":"ReadAction","target":["https:\/\/mallorca-activities.com\/de\/producto\/gr221-alpin\/"]}]},{"@type":"BreadcrumbList","@id":"https:\/\/mallorca-activities.com\/de\/producto\/gr221-alpin\/#breadcrumb","itemListElement":[{"@type":"ListItem","position":1,"name":"Portada","item":"https:\/\/mallorca-activities.com\/de\/"},{"@type":"ListItem","position":2,"name":"Tienda","item":"https:\/\/mallorca-activities.com\/tienda\/"},{"@type":"ListItem","position":3,"name":"GR221 ALPIN TREKKING"}]},{"@type":"WebSite","@id":"https:\/\/mallorca-activities.com\/de\/#website","url":"https:\/\/mallorca-activities.com\/de\/","name":"Mallorca Activities","description":"Agencia de Incoming fundada en Mallorca, dedicada al deporte y eventos de aventura; donde puedes disfrutar del deporte individual","publisher":{"@id":"https:\/\/mallorca-activities.com\/de\/#organization"},"potentialAction":[{"@type":"SearchAction","target":{"@type":"EntryPoint","urlTemplate":"https:\/\/mallorca-activities.com\/de\/?s={search_term_string}"},"query-input":"required name=search_term_string"}],"inLanguage":"de"},{"@type":"Organization","@id":"https:\/\/mallorca-activities.com\/de\/#organization","name":"MALLORCA ACTIVITIES","url":"https:\/\/mallorca-activities.com\/de\/","logo":{"@type":"ImageObject","inLanguage":"de","@id":"https:\/\/mallorca-activities.com\/de\/#\/schema\/logo\/image\/","url":"https:\/\/mallorca-activities.com\/wp-content\/uploads\/2020\/09\/cropped-fav-3.png","contentUrl":"https:\/\/mallorca-activities.com\/wp-content\/uploads\/2020\/09\/cropped-fav-3.png","width":512,"height":512,"caption":"MALLORCA ACTIVITIES"},"image":{"@id":"https:\/\/mallorca-activities.com\/de\/#\/schema\/logo\/image\/"},"sameAs":["https:\/\/www.facebook.com\/mallorcactivities33\/"]}]}},"_links":{"self":[{"href":"https:\/\/mallorca-activities.com\/de\/wp-json\/wp\/v2\/product\/1098"}],"collection":[{"href":"https:\/\/mallorca-activities.com\/de\/wp-json\/wp\/v2\/product"}],"about":[{"href":"https:\/\/mallorca-activities.com\/de\/wp-json\/wp\/v2\/types\/product"}],"wp:featuredmedia":[{"embeddable":true,"href":"https:\/\/mallorca-activities.com\/de\/wp-json\/wp\/v2\/media\/1076"}],"wp:attachment":[{"href":"https:\/\/mallorca-activities.com\/de\/wp-json\/wp\/v2\/media?parent=1098"}],"wp:term":[{"taxonomy":"product_cat","embeddable":true,"href":"https:\/\/mallorca-activities.com\/de\/wp-json\/wp\/v2\/product_cat?post=1098"},{"taxonomy":"product_tag","embeddable":true,"href":"https:\/\/mallorca-activities.com\/de\/wp-json\/wp\/v2\/product_tag?post=1098"}],"curies":[{"name":"wp","href":"https:\/\/api.w.org\/{rel}","templated":true}]}}